{"id":11008,"date":"2009-03-10T14:16:00","date_gmt":"2009-03-10T13:16:00","guid":{"rendered":"https:\/\/www.mathier.com\/aktuelles\/lire-le-vin-numero-03-2009\/"},"modified":"2025-05-19T09:12:41","modified_gmt":"2025-05-19T07:12:41","slug":"infomathier-edition-03-2009","status":"publish","type":"aktuelles","link":"https:\/\/www.mathier.com\/fr\/aktuelles\/infomathier-edition-03-2009\/","title":{"rendered":"InfoMathier, \u00e9dition 03\/2009"},"content":{"rendered":"\n<h2 class=\"wp-block-heading\">R\u00c9TROSPECTIVE &#8211; Vigneron suisse de l&rsquo;ann\u00e9e<\/h2>\n\n<p>Nous sommes heureux de revenir sur une ann\u00e9e 2008 riche en \u00e9v\u00e9nements et marqu\u00e9e par l&rsquo;innovation et la qualit\u00e9. En f\u00e9vrier, nous avons commenc\u00e9 la transformation de notre cave \u00e0 Salquenen. Apr\u00e8s environ six mois, elle brille d\u00e9sormais d&rsquo;un nouvel \u00e9clat. Outre un nouvel entrep\u00f4t souterrain pour les bouteilles et une cave \u00e0 barriques, nos locaux de vente ont \u00e9galement \u00e9t\u00e9 transform\u00e9s.   <\/p>\n\n<p>&#8230;.<\/p>\n\n<h2 class=\"wp-block-heading\">En savoir plus<\/h2>\n\n<style>\n  \/* Default-Gr\u00f6sse f\u00fcr sehr kleine Bildschirme *\/\n  .calameo-frame {\n    width: 100%;\n    height: 250px; \/* Kleinste Standardh\u00f6he *\/\n    border: none;\n    display: block;\n    margin: 0 auto;\n  }\n\n  @media (min-width: 480px) {\n    \/* Medium - ab 480px *\/\n    .calameo-frame {\n      height: 300px;\n    }\n  }\n\n  @media (min-width: 560px) {\n    \/* Large - ab 560px *\/\n    .calameo-frame {\n      height: 350px;\n    }\n  }\n\n  @media (min-width: 640px) {\n    \/* Extra Large - ab 640px *\/\n    .calameo-frame {\n      height: 400px;\n    }\n  }\n\n  @media (min-width: 720px) {\n    \/* XXL - ab 720px *\/\n    .calameo-frame {\n      height: 450px;\n    }\n  }\n\n  @media (min-width: 800px) {\n    \/* XXXL - ab 800px *\/\n    .calameo-frame {\n      height: 500px;\n    }\n  }\n<\/style>\n\n<!-- iFrame mit Media Query responsive Gr\u00f6ssen -->\n<iframe class=\"calameo-frame\" src=\"https:\/\/v.calameo.com\/?bkcode=0061151991b5bf702cdd5&#038;mode=mini&#038;clickto=view&#038;clicktarget=_blank\" allowtransparency=\"\" allowfullscreen=\"\" scrolling=\"no\">\n<\/iframe>\n\n<p><\/p>\n","protected":false},"excerpt":{"rendered":"<p>2008 : Transformation de la cave de Salquenen avec un nouveau d\u00e9p\u00f4t de bouteilles, une cave \u00e0 barriques &amp; un espace de vente moderne. Plus dans l&rsquo;article ! <\/p>\n","protected":false},"featured_media":11012,"template":"","aktuelles-type":[298],"class_list":["post-11008","aktuelles","type-aktuelles","status-publish","has-post-thumbnail","hentry","aktuelles-type-journal-interne"],"_links":{"self":[{"href":"https:\/\/www.mathier.com\/fr\/wp-json\/wp\/v2\/aktuelles\/11008","targetHints":{"allow":["GET"]}}],"collection":[{"href":"https:\/\/www.mathier.com\/fr\/wp-json\/wp\/v2\/aktuelles"}],"about":[{"href":"https:\/\/www.mathier.com\/fr\/wp-json\/wp\/v2\/types\/aktuelles"}],"wp:featuredmedia":[{"embeddable":true,"href":"https:\/\/www.mathier.com\/fr\/wp-json\/wp\/v2\/media\/11012"}],"wp:attachment":[{"href":"https:\/\/www.mathier.com\/fr\/wp-json\/wp\/v2\/media?parent=11008"}],"wp:term":[{"taxonomy":"aktuelles-type","embeddable":true,"href":"https:\/\/www.mathier.com\/fr\/wp-json\/wp\/v2\/aktuelles-type?post=11008"}],"curies":[{"name":"wp","href":"https:\/\/api.w.org\/{rel}","templated":true}]}}