{"id":10105,"date":"2024-12-27T11:44:33","date_gmt":"2024-12-27T10:44:33","guid":{"rendered":"https:\/\/www.mathier.com\/mentions-legales\/"},"modified":"2025-08-20T09:47:50","modified_gmt":"2025-08-20T07:47:50","slug":"impressum","status":"publish","type":"page","link":"https:\/\/www.mathier.com\/fr\/impressum\/","title":{"rendered":"Mentions l\u00e9gales"},"content":{"rendered":"\t\t<div data-elementor-type=\"wp-page\" data-elementor-id=\"10105\" class=\"elementor elementor-10105 elementor-6713\" data-elementor-post-type=\"page\">\n\t\t\t\t<div class=\"elementor-element elementor-element-231db4b9 e-flex e-con-boxed e-con e-parent\" data-id=\"231db4b9\" data-element_type=\"container\" data-e-type=\"container\">\n\t\t\t\t\t<div class=\"e-con-inner\">\n\t\t\t\t<div class=\"elementor-element elementor-element-49899a57 elementor-widget elementor-widget-text-editor\" data-id=\"49899a57\" data-element_type=\"widget\" data-e-type=\"widget\" data-widget_type=\"text-editor.default\">\n\t\t\t\t<div class=\"elementor-widget-container\">\n\t\t\t\t\t\t\t\t\t<h2>Mentions l\u00e9gales<\/h2><h3>Responsable du contenu de ces pages<\/h3><p><strong>Adrian &amp; Diego Mathier Nouveau Salquenen SA<\/strong><br>Directeur : Diego Mathier<br>UID\/MWST : CHE-106.817.371<br>Forme juridique : soci\u00e9t\u00e9 anonyme<br>Adresse : Bahnhofstrasse 50, 3970 Salquenen<br>T\u00e9l\u00e9phone : <a href=\"tel:+41%2027%20455%2075%2075\">+41 27 455 75 75<\/a><br>E-mail : <a href=\"mailto:info@mathier.com\">info@mathier.com<\/a><br>Si\u00e8ge social : Salquenen<\/p><h3>Clause de non-responsabilit\u00e9<\/h3><p>L&rsquo;auteur n&rsquo;assume aucune responsabilit\u00e9 quant \u00e0 l&rsquo;exactitude, la pr\u00e9cision, l&rsquo;actualit\u00e9, la fiabilit\u00e9 et l&rsquo;exhaustivit\u00e9 du contenu des informations.<br>L&rsquo;auteur ne saurait \u00eatre tenu responsable des dommages mat\u00e9riels ou immat\u00e9riels qui pourraient \u00eatre caus\u00e9s par l&rsquo;acc\u00e8s aux informations publi\u00e9es ou par leur utilisation ou non-utilisation, par le mauvais usage de la connexion ou par des probl\u00e8mes techniques.<br>Toutes les offres sont sans engagement. L&rsquo;auteur se r\u00e9serve express\u00e9ment le droit de modifier, de compl\u00e9ter ou de supprimer des parties de pages ou l&rsquo;ensemble de l&rsquo;offre sans avis pr\u00e9alable, ou d&rsquo;en suspendre temporairement ou d\u00e9finitivement la publication. <\/p><h3>Responsabilit\u00e9 des liens<\/h3><p>Les renvois et liens vers des sites web de tiers ne rel\u00e8vent pas de notre responsabilit\u00e9. Nous d\u00e9clinons toute responsabilit\u00e9 pour de tels sites. L&rsquo;acc\u00e8s \u00e0 ces sites et leur utilisation se font aux risques de l&rsquo;utilisateur.  <\/p><h3>Cr\u00e9dits photographiques<\/h3><ol><li><p><strong>Image montrant le ch\u00e2teau<\/strong><br>Image de Martin Kraft<a href=\"https:\/\/photo.martinkraft.com\" target=\"_new\" rel=\"noopener\">(photo.martinkraft.com<\/a>) licenci\u00e9e sous la <a target=\"_new\" rel=\"noopener\">licence Creative Commons CC BY-SA 4.0<\/a> via <a href=\"https:\/\/upload.wikimedia.org\/wikipedia\/commons\/8\/88\/MK65027_Schloss_Johannisberg_%28Rheingau%29.jpg\" target=\"_new\" rel=\"noopener\">Wikimedia Commons<\/a>.<\/p><\/li><li><p><strong>Blog Pain de seigle<\/strong><br>Image de \u00a9Valais Wallis Promotion<a href=\"https:\/\/www.mathier.com\/wp-content\/uploads\/2024\/10\/walliser_roggenbrot_header_beitragsbild.jpg\">(https:\/\/www.mathier.com\/wp-content\/uploads\/2024\/10\/walliser_roggenbrot_header_beitragsbild.jpg)<\/a>&#8211; Sedrik Nemeth.<\/p><\/li><li><p><strong>\u00c9v\u00e9nement (Printemps des vins &#8211; image de la contribution et de la banni\u00e8re)<\/strong><br>Image de WEB\u00a9christianpfammatter<a href=\"https:\/\/www.mathier.com\/wp-content\/uploads\/2024\/08\/weinfruehling_salgesch.jpg\">(https:\/\/www.mathier.com\/wp-content\/uploads\/2024\/08\/weinfruehling_salgesch.jpg)<\/a><\/p><\/li><li>Les images et graphiques utilis\u00e9s sur ce site proviennent en partie de plates-formes externes.<br data-start=\"441\" data-end=\"444\">Sources : <strong data-start=\"453\" data-end=\"464\">Freepik<\/strong><a class=\"decorated-link cursor-pointer\" target=\"_new\" rel=\"noopener\" data-start=\"466\" data-end=\"481\">(www.freepik.com)<\/a>, <strong data-start=\"484\" data-end=\"495\">Pixabay<\/strong><a class=\"decorated-link cursor-pointer\" target=\"_new\" rel=\"noopener\" data-start=\"497\" data-end=\"512\">(www.pixabay.com)<\/a>, <strong data-start=\"515\" data-end=\"525\">Pexels<\/strong><a class=\"decorated-link cursor-pointer\" target=\"_new\" rel=\"noopener\" data-start=\"527\" data-end=\"541\">(www.pexels.com)<\/a>.<br data-start=\"543\" data-end=\"546\">L&rsquo;utilisation est conforme aux conditions de licence respectives.<\/li><\/ol><h3>Design &amp; concept technique<\/h3><p>Ce site web a \u00e9t\u00e9 con\u00e7u et d\u00e9velopp\u00e9 par l&rsquo;<a href=\"https:\/\/www.beyondweb.ch\/webdesign-agentur\/\" rel=\"noopener\">agence de design web Beyondweb<\/a>.  <\/p>\t\t\t\t\t\t\t\t<\/div>\n\t\t\t\t<\/div>\n\t\t\t\t\t<\/div>\n\t\t\t\t<\/div>\n\t\t\t\t<\/div>\n\t\t","protected":false},"excerpt":{"rendered":"<p>Mentions l\u00e9gales Responsable du contenu de ces pages Adrian &amp; Diego Mathier Nouveau Salquenen SADirecteur : Diego MathierUID\/MWST : CHE-106.817.371Forme juridique : soci\u00e9t\u00e9 anonymeAdresse : Bahnhofstrasse 50, 3970 SalquenenT\u00e9l\u00e9phone : +41 27 455 75 75E-mail : info@mathier.comSi\u00e8ge social : Salquenen Clause de non-responsabilit\u00e9 L&rsquo;auteur n&rsquo;assume aucune responsabilit\u00e9 quant \u00e0 l&rsquo;exactitude, la pr\u00e9cision, l&rsquo;actualit\u00e9, la fiabilit\u00e9 [&hellip;]<\/p>\n","protected":false},"author":2,"featured_media":0,"parent":0,"menu_order":0,"comment_status":"closed","ping_status":"closed","template":"","meta":{"footnotes":""},"class_list":["post-10105","page","type-page","status-publish","hentry"],"_links":{"self":[{"href":"https:\/\/www.mathier.com\/fr\/wp-json\/wp\/v2\/pages\/10105","targetHints":{"allow":["GET"]}}],"collection":[{"href":"https:\/\/www.mathier.com\/fr\/wp-json\/wp\/v2\/pages"}],"about":[{"href":"https:\/\/www.mathier.com\/fr\/wp-json\/wp\/v2\/types\/page"}],"author":[{"embeddable":true,"href":"https:\/\/www.mathier.com\/fr\/wp-json\/wp\/v2\/users\/2"}],"replies":[{"embeddable":true,"href":"https:\/\/www.mathier.com\/fr\/wp-json\/wp\/v2\/comments?post=10105"}],"version-history":[{"count":3,"href":"https:\/\/www.mathier.com\/fr\/wp-json\/wp\/v2\/pages\/10105\/revisions"}],"predecessor-version":[{"id":14868,"href":"https:\/\/www.mathier.com\/fr\/wp-json\/wp\/v2\/pages\/10105\/revisions\/14868"}],"wp:attachment":[{"href":"https:\/\/www.mathier.com\/fr\/wp-json\/wp\/v2\/media?parent=10105"}],"curies":[{"name":"wp","href":"https:\/\/api.w.org\/{rel}","templated":true}]}}