{"id":13207,"date":"2025-05-08T11:38:42","date_gmt":"2025-05-08T09:38:42","guid":{"rendered":"https:\/\/www.mathier.com\/events\/zagg\/"},"modified":"2026-03-23T11:15:49","modified_gmt":"2026-03-23T10:15:49","slug":"zagg","status":"publish","type":"veranstaltungen","link":"https:\/\/www.mathier.com\/fr\/events\/zagg\/","title":{"rendered":"ZAGG"},"content":{"rendered":"\n<h2 class=\"wp-block-heading\" style=\"font-size:1.75rem\">D\u00e9gustation de grande classe &#8211; Vivez la tradition viticole valaisanne<\/h2>\n\n<p>Plongez dans le monde fascinant du <a href=\"https:\/\/www.mathier.com\/fr\/\">vin valaisan<\/a>! Lors de la prochaine foire, nous vous inviterons \u00e0 une d\u00e9gustation sp\u00e9ciale o\u00f9 vous pourrez go\u00fbter nos vins prim\u00e9s dans une atmosph\u00e8re d\u00e9tendue.<\/p>\n\n<p>Qu&rsquo;il s&rsquo;agisse de vins blancs frais comme la Petite Arvine, l&rsquo;Heida et l&rsquo;Amigne, d&rsquo;\u00e9l\u00e9gants vins ros\u00e9s ou de vins rouges de caract\u00e8re comme la Syrah, le Cornalin et <a href=\"https:\/\/www.mathier-shop.com\/fr\/types-de-vin\/rouge\/humagne-rouge\" rel=\"noopener\">l&rsquo;Humagne Rouge, notre s\u00e9lection<\/a> permet \u00e0 chacun de trouver le plaisir qui lui convient. Laissez-vous inspirer par la passion et l&rsquo;expertise de nos vignerons et apprenez-en plus sur la fabrication traditionnelle du vin en Valais.<\/p>\n\n<p>Venez nous rendre visite et vivez des moments de plaisir inoubliables. Nous nous r\u00e9jouissons de vous accueillir personnellement ! <\/p>\n\n<hr class=\"wp-block-separator has-alpha-channel-opacity is-style-wide\" style=\"margin-top:2.5rem;margin-bottom:1.5rem\"\/>\n\n<h3 class=\"wp-block-heading\" style=\"border-style:none;border-width:0px;border-radius:0px;padding-top:1rem;font-size:1.5rem\">D\u00e9tails de l&rsquo;\u00e9v\u00e9nement<\/h3>\n\n<h4 class=\"wp-block-heading has-text-color has-link-color wp-elements-b0f321af2818f7d06856522af8046bac\" style=\"color:#a2924f;font-size:1.13rem\">Site<\/h4>\n\n<figure class=\"wp-block-table is-style-stripes\"><table class=\"has-fixed-layout\"><thead><tr><th class=\"has-text-align-left\" data-align=\"left\">HALLE<\/th><th class=\"has-text-align-left\" data-align=\"left\">STAND<\/th><\/tr><\/thead><tbody><tr><td class=\"has-text-align-left\" data-align=\"left\">1<\/td><td class=\"has-text-align-left\" data-align=\"left\">A102<\/td><\/tr><\/tbody><\/table><\/figure>\n\n<h4 class=\"wp-block-heading has-text-color has-link-color wp-elements-9801d27bb4578d78e0c65ab6cc4ed62f\" style=\"color:#a2924f;padding-top:1rem;font-size:1.13rem\">Heures d&rsquo;ouverture<\/h4>\n\n<figure class=\"wp-block-table is-style-stripes\"><table class=\"has-fixed-layout\"><thead><tr><th class=\"has-text-align-left\" data-align=\"left\">JOUR<\/th><th class=\"has-text-align-left\" data-align=\"left\">TEMPS<\/th><\/tr><\/thead><tbody><tr><td class=\"has-text-align-left\" data-align=\"left\">Tous les jours<\/td><td class=\"has-text-align-left\" data-align=\"left\">10:00-18:00 heures<\/td><\/tr><\/tbody><\/table><\/figure>\n\n<h4 class=\"wp-block-heading has-text-color has-link-color wp-elements-7d1ea48e83ef70851349acb8369707d4\" style=\"color:#a2924f;padding-top:1rem;font-size:1.13rem\">Prix d&rsquo;entr\u00e9e<\/h4>\n\n<figure class=\"wp-block-table is-style-stripes\"><table class=\"has-fixed-layout\"><thead><tr><th class=\"has-text-align-left\" data-align=\"left\">BILLETS<\/th><th class=\"has-text-align-left\" data-align=\"left\">PRIX<\/th><\/tr><\/thead><tbody><tr><td class=\"has-text-align-left\" data-align=\"left\">Adultes<\/td><td class=\"has-text-align-left\" data-align=\"left\">CHF 45.00<\/td><\/tr><tr><td class=\"has-text-align-left\" data-align=\"left\">\u00c9tudiants\/apprenants, enfants et jeunes jusqu&rsquo;\u00e0 18 ans* gratuit<\/td><td class=\"has-text-align-left\" data-align=\"left\">Gratuit<\/td><\/tr><\/tbody><tfoot><tr><td class=\"has-text-align-left\" data-align=\"left\">TVA incluse, sous r\u00e9serve de modification des prix.<\/td><td class=\"has-text-align-left\" data-align=\"left\"><\/td><\/tr><tr><td class=\"has-text-align-left\" data-align=\"left\">*sur pr\u00e9sentation de la carte d&rsquo;identit\u00e9 correspondante en cours de validit\u00e9 et uniquement \u00e0 la caisse du jour<\/td><td class=\"has-text-align-left\" data-align=\"left\"><\/td><\/tr><\/tfoot><\/table><\/figure>\n\n<h4 class=\"wp-block-heading has-text-color has-link-color wp-elements-64a4181d6419c8d9d5ba708d2ba828f8\" style=\"color:#a2924f;padding-top:1rem;font-size:1.13rem\">Les temps forts de la foire de Zoug<\/h4>\n\n<p>Les th\u00e8mes des tendances actuelles et les domaines d&rsquo;application cibl\u00e9s structurent ZAGG. Ils permettent de s&rsquo;orienter et montrent quelles solutions actuelles sont disponibles sur le march\u00e9. <\/p>\n\n<p>Tout pour les restaurants et la gastronomie en un coup d&rsquo;\u0153il ! D\u00e9couvrez ZAGG. <\/p>\n\n<ul class=\"wp-block-list\">\n<li>44 Organisateurs sur l&rsquo;industrie alimentaire<\/li>\n\n\n\n<li>40 exposants sur la technologie et la productivit\u00e9 Installations<\/li>\n\n\n\n<li>23 sujets tendances sur les services<\/li>\n\n\n\n<li>24 sujets tendance sur le d\u00e9veloppement durable<\/li>\n\n\n\n<li>Autres th\u00e8mes abord\u00e9s : Vente \u00e0 emporter et livraison, Ambiance &amp; atmosph\u00e8re, Bon caf\u00e9 &amp; bon th\u00e9 et Liquid Evolution, Concept Gastronomie<\/li>\n\n\n\n<li>Domaines d&rsquo;application : Restauration, h\u00f4tellerie, restauration collective, boulangerie, p\u00e2tisserie et confiserie, vente \u00e0 emporter, traiteur et boucherie.<\/li>\n\n\n\n<li>Le point de rencontre de la branche avec les tendances gastronomiques pertinentes pour toutes les personnes travaillant dans l&rsquo;h\u00f4tellerie et la restauration.  <\/li>\n\n\n\n<li>Point de rencontre pour les professionnels et les jeunes professionnels<\/li>\n\n\n\n<li>Un salon bien \u00e9tabli avec plus de 30 ans d&rsquo;histoire<\/li>\n\n\n\n<li>Une exigence de qualit\u00e9 \u00e9lev\u00e9e<\/li>\n\n\n\n<li>Une concurrence attrayante<\/li>\n\n\n\n<li>Restaurant Battle of ZAGG et restaurant Dyhrberg<\/li>\n\n\n\n<li>Menus raffin\u00e9s et boissons au restaurant Dyhrberg<\/li>\n<\/ul>\n\n<p><\/p>\n","protected":false},"excerpt":{"rendered":"<p>FOIRE D&rsquo;AUTOMNE<br \/>Lucerne, 25.10. au 28.10.2026 <\/p>\n","protected":false},"featured_media":19825,"parent":0,"template":"","ereignis-tags":[244],"class_list":["post-13207","veranstaltungen","type-veranstaltungen","status-publish","has-post-thumbnail","hentry","ereignis-tags-foires-et-salons"],"_links":{"self":[{"href":"https:\/\/www.mathier.com\/fr\/wp-json\/wp\/v2\/veranstaltungen\/13207","targetHints":{"allow":["GET"]}}],"collection":[{"href":"https:\/\/www.mathier.com\/fr\/wp-json\/wp\/v2\/veranstaltungen"}],"about":[{"href":"https:\/\/www.mathier.com\/fr\/wp-json\/wp\/v2\/types\/veranstaltungen"}],"wp:featuredmedia":[{"embeddable":true,"href":"https:\/\/www.mathier.com\/fr\/wp-json\/wp\/v2\/media\/19825"}],"wp:attachment":[{"href":"https:\/\/www.mathier.com\/fr\/wp-json\/wp\/v2\/media?parent=13207"}],"wp:term":[{"taxonomy":"ereignis-tags","embeddable":true,"href":"https:\/\/www.mathier.com\/fr\/wp-json\/wp\/v2\/ereignis-tags?post=13207"}],"curies":[{"name":"wp","href":"https:\/\/api.w.org\/{rel}","templated":true}]}}