{"id":19620,"date":"2026-03-06T14:06:00","date_gmt":"2026-03-06T13:06:00","guid":{"rendered":"https:\/\/www.mathier.com\/events\/weinwanderung-salgesch\/"},"modified":"2026-03-09T14:59:37","modified_gmt":"2026-03-09T13:59:37","slug":"weinwanderung-salgesch","status":"publish","type":"veranstaltungen","link":"https:\/\/www.mathier.com\/fr\/events\/weinwanderung-salgesch\/","title":{"rendered":"Balade des Vins Salgesch"},"content":{"rendered":"\n<h2 class=\"wp-block-heading\" style=\"font-size:1.75rem\">Des moments de plaisir entre les vignes et les verres de vin<\/h2>\n\n<p>La Balade des Vins Salgesch est une exp\u00e9rience savoureuse pour les amateurs de vin, les amoureux de la nature et les d\u00e9couvreurs de sp\u00e9cialit\u00e9s r\u00e9gionales. Le long d&rsquo;un itin\u00e9raire de randonn\u00e9e vari\u00e9 \u00e0 travers les vignobles de Salquenen, diff\u00e9rentes stations de plaisir et de d\u00e9couverte attendent les participants avec des vins s\u00e9lectionn\u00e9s, des offres culinaires et des animations musicales. Qu&rsquo;il s&rsquo;agisse de groupes d&rsquo;amis, de jeunes dipl\u00f4m\u00e9s, de couples ou de groupes d&rsquo;\u00e9picuriens, cette manifestation est l&rsquo;occasion id\u00e9ale de passer ensemble une journ\u00e9e particuli\u00e8re. R\u00e9jouissez-vous d&rsquo;une journ\u00e9e pleine d&rsquo;exp\u00e9riences, de moments de plaisir et d&rsquo;impressions inoubliables. Cette ann\u00e9e, la randonn\u00e9e viticole f\u00eate sa premi\u00e8re et a lieu pour la premi\u00e8re fois.    <\/p>\n\n<hr class=\"wp-block-separator has-alpha-channel-opacity is-style-wide\" style=\"margin-top:2.5rem;margin-bottom:1.5rem\"\/>\n\n<h3 class=\"wp-block-heading\" style=\"border-style:none;border-width:0px;border-radius:0px;padding-top:1rem;font-size:1.5rem\">D\u00e9tails de l&rsquo;\u00e9v\u00e9nement<\/h3>\n\n<ul class=\"wp-block-list\">\n<li>Exposition de diverses caves de Salquenen<\/li>\n\n\n\n<li>Divers avantages inclus dans le prix du billet<\/li>\n\n\n\n<li>Sp\u00e9cialit\u00e9s culinaires de la r\u00e9gion<\/li>\n\n\n\n<li>Animations musicales le long de l&rsquo;itin\u00e9raire<\/li>\n\n\n\n<li>Exp\u00e9rience dans les vignobles de Salquenen<\/li>\n\n\n\n<li>Randonn\u00e9e plaisir de 8 km<\/li>\n\n\n\n<li><a href=\"https:\/\/www.eventfrog.ch\/weinwanderung\" rel=\"noopener\">Billet <\/a>n\u00e9cessaire<\/li>\n<\/ul>\n\n<h4 class=\"wp-block-heading has-text-color has-link-color wp-elements-ddb8fa6818d82be920739533e7306556\" style=\"color:#a2924f;padding-top:1rem;font-size:1.13rem\">\u00c9v\u00e9nement<\/h4>\n\n<figure class=\"wp-block-table is-style-stripes\"><table class=\"has-fixed-layout\"><thead><tr><th class=\"has-text-align-left\" data-align=\"left\">JOUR<\/th><th class=\"has-text-align-left\" data-align=\"left\">TEMPS<\/th><\/tr><\/thead><tbody><tr><td class=\"has-text-align-left\" data-align=\"left\">Samedi<\/td><td class=\"has-text-align-left\" data-align=\"left\">08:00-23:59 heures<\/td><\/tr><\/tbody><\/table><\/figure>\n\n<h4 class=\"wp-block-heading has-text-color has-link-color wp-elements-10adb3dcd8c0e2c304bce5e12ef581f0\" style=\"color:#a2924f;padding-top:1rem;font-size:1.13rem\">En savoir plus &amp; commander des billets<\/h4>\n\n<p>Pour plus d&rsquo;<strong>informations <\/strong>, consultez le site suivant :<br\/><a href=\"https:\/\/www.weinwanderung-salgesch.ch\" rel=\"noopener\">https:\/\/www.weinwanderung-salgesch.ch<\/a><\/p>\n\n<p style=\"padding-top:1rem\">Les <strong>billets <\/strong>peuvent \u00eatre facilement command\u00e9s via le lien suivant :<br\/><a href=\"https:\/\/www.eventfrog.ch\/weinwanderung\" rel=\"noopener\">https:\/\/www.eventfrog.ch\/weinwanderung<\/a><\/p>\n\n<p><\/p>\n","protected":false},"excerpt":{"rendered":"<p>BALADE DES VINS SALGESCH<br \/>Salgesch, 12.09.2026<\/p>\n","protected":false},"featured_media":19619,"parent":0,"template":"","ereignis-tags":[242],"class_list":["post-19620","veranstaltungen","type-veranstaltungen","status-publish","has-post-thumbnail","hentry","ereignis-tags-evenements"],"_links":{"self":[{"href":"https:\/\/www.mathier.com\/fr\/wp-json\/wp\/v2\/veranstaltungen\/19620","targetHints":{"allow":["GET"]}}],"collection":[{"href":"https:\/\/www.mathier.com\/fr\/wp-json\/wp\/v2\/veranstaltungen"}],"about":[{"href":"https:\/\/www.mathier.com\/fr\/wp-json\/wp\/v2\/types\/veranstaltungen"}],"wp:featuredmedia":[{"embeddable":true,"href":"https:\/\/www.mathier.com\/fr\/wp-json\/wp\/v2\/media\/19619"}],"wp:attachment":[{"href":"https:\/\/www.mathier.com\/fr\/wp-json\/wp\/v2\/media?parent=19620"}],"wp:term":[{"taxonomy":"ereignis-tags","embeddable":true,"href":"https:\/\/www.mathier.com\/fr\/wp-json\/wp\/v2\/ereignis-tags?post=19620"}],"curies":[{"name":"wp","href":"https:\/\/api.w.org\/{rel}","templated":true}]}}