{"id":8462,"date":"2024-08-05T16:54:07","date_gmt":"2024-08-05T14:54:07","guid":{"rendered":"https:\/\/www.mathier.com\/events\/foire-aux-vins-de-berne-10-10-19-10-2025\/"},"modified":"2026-03-23T10:53:55","modified_gmt":"2026-03-23T09:53:55","slug":"foire-aux-vins-de-berne","status":"publish","type":"veranstaltungen","link":"https:\/\/www.mathier.com\/fr\/events\/foire-aux-vins-de-berne\/","title":{"rendered":"Foire aux vins de Berne"},"content":{"rendered":"\n<h2 class=\"wp-block-heading\" style=\"font-size:1.75rem\"><strong>D\u00e9gustation de grande classe &#8211; Vivez la tradition viticole valaisanne<\/strong><\/h2>\n\n<p>Plongez dans le <a href=\"https:\/\/www.mathier.com\/fr\/\">monde fascinant du vin valaisan<\/a>! Lors de la prochaine foire, nous vous inviterons \u00e0 une d\u00e9gustation sp\u00e9ciale o\u00f9 vous pourrez go\u00fbter nos vins prim\u00e9s dans une atmosph\u00e8re d\u00e9tendue.<\/p>\n\n<p>Qu&rsquo;il s&rsquo;agisse de vins blancs frais comme la Petite Arvine, l&rsquo;Heida et l&rsquo;Amigne, d&rsquo;\u00e9l\u00e9gants vins ros\u00e9s ou de vins rouges de caract\u00e8re comme la Syrah, le Cornalin et l&rsquo;Humagne Rouge, notre s\u00e9lection permet \u00e0 chacun de trouver le plaisir qui lui convient. Laissez-vous inspirer par la passion et l&rsquo;expertise de nos vignerons et apprenez-en plus sur la fabrication traditionnelle du vin en Valais.<\/p>\n\n<p>Venez nous rendre visite et vivez des moments de plaisir inoubliables. Nous nous r\u00e9jouissons de vous accueillir personnellement ! <\/p>\n\n<hr class=\"wp-block-separator has-alpha-channel-opacity is-style-wide\" style=\"margin-top:2.5rem;margin-bottom:1.5rem\"\/>\n\n<h3 class=\"wp-block-heading\" style=\"padding-top:1rem;font-size:1.5rem\">D\u00e9tails de l&rsquo;\u00e9v\u00e9nement<\/h3>\n\n<h4 class=\"wp-block-heading has-text-color has-link-color wp-elements-b0f321af2818f7d06856522af8046bac\" style=\"color:#a2924f;font-size:1.13rem\">Site<\/h4>\n\n<figure class=\"wp-block-table is-style-stripes\"><table class=\"has-fixed-layout\"><thead><tr><th class=\"has-text-align-left\" data-align=\"left\">HALLE<\/th><th class=\"has-text-align-left\" data-align=\"left\">STAND<\/th><\/tr><\/thead><tbody><tr><td class=\"has-text-align-left\" data-align=\"left\">1.2<\/td><td class=\"has-text-align-left\" data-align=\"left\">49<\/td><\/tr><\/tbody><\/table><\/figure>\n\n<h4 class=\"wp-block-heading has-text-color has-link-color wp-elements-95a3954f47d772c7d60cbd5f54aecafc\" style=\"color:#a2924f;padding-top:1rem;font-size:1.13rem\">Heures d&rsquo;ouverture de <strong>l&rsquo;OENOTH\u00c8QUE <\/strong> <\/h4>\n\n<figure class=\"wp-block-table is-style-stripes\"><table class=\"has-fixed-layout\"><thead><tr><th class=\"has-text-align-left\" data-align=\"left\">JOUR<\/th><th class=\"has-text-align-left\" data-align=\"left\">TEMPS<\/th><\/tr><\/thead><tbody><tr><td class=\"has-text-align-left\" data-align=\"left\">Du lundi au samedi<\/td><td class=\"has-text-align-left\" data-align=\"left\">17:00-22:00 heures<\/td><\/tr><tr><td class=\"has-text-align-left\" data-align=\"left\">Dimanche<\/td><td class=\"has-text-align-left\" data-align=\"left\">14:00-18:00 heures<\/td><\/tr><\/tbody><\/table><\/figure>\n\n<p>Le soir, la foire aux vins de Berne invite \u00e0 d\u00e9guster diff\u00e9rents vins et mets d\u00e9licats dans une ambiance chaleureuse.<\/p>\n\n<h4 class=\"wp-block-heading has-text-color has-link-color wp-elements-63b83b3c37ad380b73f0ab586753abfb\" style=\"color:#a2924f;padding-top:1rem;font-size:1.13rem\">Heures d&rsquo;ouverture <strong><strong><strong>PLACE DU MARCH\u00c9 <\/strong><\/strong><\/strong> <\/h4>\n\n<figure class=\"wp-block-table is-style-stripes\"><table class=\"has-fixed-layout\"><thead><tr><th class=\"has-text-align-left\" data-align=\"left\">JOUR<\/th><th class=\"has-text-align-left\" data-align=\"left\">TEMPS<\/th><\/tr><\/thead><tbody><tr><td class=\"has-text-align-left\" data-align=\"left\">Du lundi au samedi<\/td><td class=\"has-text-align-left\" data-align=\"left\">16:00-23:00 heures<\/td><\/tr><tr><td class=\"has-text-align-left\" data-align=\"left\">Dimanche<\/td><td class=\"has-text-align-left\" data-align=\"left\">14:00-18:00 heures<\/td><\/tr><\/tbody><\/table><\/figure>\n\n<p>Le soir, la foire aux vins de Berne invite \u00e0 d\u00e9guster diff\u00e9rents vins et mets d\u00e9licats dans une ambiance chaleureuse.<\/p>\n\n<h4 class=\"wp-block-heading has-text-color has-link-color wp-elements-7d1ea48e83ef70851349acb8369707d4\" style=\"color:#a2924f;padding-top:1rem;font-size:1.13rem\">Prix d&rsquo;entr\u00e9e<\/h4>\n\n<figure class=\"wp-block-table is-style-stripes\"><table class=\"has-fixed-layout\"><thead><tr><th class=\"has-text-align-left\" data-align=\"left\"><\/th><th class=\"has-text-align-left\" data-align=\"left\">Prix<\/th><\/tr><\/thead><tbody><tr><td class=\"has-text-align-left\" data-align=\"left\">R\u00e9guli\u00e8rement<\/td><td class=\"has-text-align-left\" data-align=\"left\">CHF 25.00<\/td><\/tr><tr><td class=\"has-text-align-left\" data-align=\"left\">Bon d&rsquo;achat de l&rsquo;exposant<\/td><td class=\"has-text-align-left\" data-align=\"left\">CHF 10.00 *<\/td><\/tr><tr><td class=\"has-text-align-left\" data-align=\"left\">Lundi de 16h00 \u00e0 18h00<\/td><td class=\"has-text-align-left\" data-align=\"left\">Entr\u00e9e gratuite<\/td><\/tr><\/tbody><tfoot><tr><td class=\"has-text-align-left\" data-align=\"left\">TVA incluse, sous r\u00e9serve de modification des prix.<\/td><td class=\"has-text-align-left\" data-align=\"left\"><\/td><\/tr><\/tfoot><\/table><figcaption class=\"wp-element-caption\">* Les bons d&rsquo;achat peuvent \u00eatre utilis\u00e9s sur place ou en ligne.<\/figcaption><\/figure>\n\n<p>Entr\u00e9e \u00e0 partir de 16 ans. Les enfants accompagn\u00e9s d&rsquo;un adulte ne paient pas d&rsquo;entr\u00e9e. <\/p>\n\n<h4 class=\"wp-block-heading has-text-color has-link-color wp-elements-1882e49f2d5c233183d403cb6ad816af\" style=\"color:#a2924f;padding-top:1rem;font-size:1.13rem\">Arriv\u00e9e<\/h4>\n\n<p><strong>Acc\u00e8s par les transports publics<\/strong><br\/>Tram n\u00b0 9 : depuis la gare de Berne ou la gare de Wankdorf jusqu&rsquo;\u00e0 l&rsquo;arr\u00eat Guisanplatz Expo<\/p>\n\n<p><strong>Parking<\/strong><br\/>Parking couvert et nombre limit\u00e9 de places de parking ext\u00e9rieures disponibles<\/p>\n\n<h4 class=\"wp-block-heading has-text-color has-link-color wp-elements-91e02f70ee370fcaae352adb6081086b\" style=\"color:#a2924f;padding-top:1rem;font-size:1.13rem\">Informations sur le programme du salon<\/h4>\n\n<p>Le plaisir est \u00e0 l&rsquo;honneur. Le vin et les produits d&rsquo;\u00e9picerie fine sont pr\u00e9sent\u00e9s dans une ambiance chaleureuse lors de la l\u00e9gendaire foire aux vins de Berne. Pendant neuf jours, chaque soir, diff\u00e9rents marchands de vin et vendeurs d&rsquo;\u00e9picerie fine pr\u00e9sentent leurs produits. Il est possible de d\u00e9guster et d&rsquo;acheter une incroyable vari\u00e9t\u00e9 de produits sur les diff\u00e9rents stands.   <\/p>\n\n<p><\/p>\n","protected":false},"excerpt":{"rendered":"<p>FOIRE D&rsquo;AUTOMNE<br \/>Berne, du 09.10. au 18.10.2026 <\/p>\n","protected":false},"featured_media":19810,"parent":0,"template":"","ereignis-tags":[244],"class_list":["post-8462","veranstaltungen","type-veranstaltungen","status-publish","has-post-thumbnail","hentry","ereignis-tags-foires-et-salons"],"_links":{"self":[{"href":"https:\/\/www.mathier.com\/fr\/wp-json\/wp\/v2\/veranstaltungen\/8462","targetHints":{"allow":["GET"]}}],"collection":[{"href":"https:\/\/www.mathier.com\/fr\/wp-json\/wp\/v2\/veranstaltungen"}],"about":[{"href":"https:\/\/www.mathier.com\/fr\/wp-json\/wp\/v2\/types\/veranstaltungen"}],"wp:featuredmedia":[{"embeddable":true,"href":"https:\/\/www.mathier.com\/fr\/wp-json\/wp\/v2\/media\/19810"}],"wp:attachment":[{"href":"https:\/\/www.mathier.com\/fr\/wp-json\/wp\/v2\/media?parent=8462"}],"wp:term":[{"taxonomy":"ereignis-tags","embeddable":true,"href":"https:\/\/www.mathier.com\/fr\/wp-json\/wp\/v2\/ereignis-tags?post=8462"}],"curies":[{"name":"wp","href":"https:\/\/api.w.org\/{rel}","templated":true}]}}