{"id":8525,"date":"2024-08-06T14:38:39","date_gmt":"2024-08-06T12:38:39","guid":{"rendered":"https:\/\/www.mathier.com\/events\/gouts-et-terroirs-bulle-29-10-02-11-2025\/"},"modified":"2026-03-23T11:22:29","modified_gmt":"2026-03-23T10:22:29","slug":"gouts-et-terroirs","status":"publish","type":"veranstaltungen","link":"https:\/\/www.mathier.com\/fr\/events\/gouts-et-terroirs\/","title":{"rendered":"Go\u00fbts et Terroirs Bulle"},"content":{"rendered":"\n<h2 class=\"wp-block-heading\" style=\"font-size:1.75rem\">D\u00e9gustation de grande classe &#8211; Vivez la tradition viticole valaisanne<\/h2>\n\n<p>Plongez dans le monde fascinant du <a href=\"https:\/\/www.mathier-shop.com\/fr\/\" rel=\"noopener\">vin valaisan<\/a>! Lors de la prochaine foire, nous vous inviterons \u00e0 une d\u00e9gustation sp\u00e9ciale o\u00f9 vous pourrez go\u00fbter nos vins prim\u00e9s dans une atmosph\u00e8re d\u00e9tendue.<\/p>\n\n<p>Qu&rsquo;il s&rsquo;agisse <a href=\"https:\/\/www.mathier-shop.com\/fr\/types-de-vin\/blanc\/petite-arvine\" rel=\"noopener\">de vins blancs frais comme la Petite Arvine<\/a>, l&rsquo;Heida et l&rsquo;Amigne, d&rsquo;\u00e9l\u00e9gants vins ros\u00e9s ou <a href=\"https:\/\/www.mathier-shop.com\/fr\/types-de-vin\/rouge\/syrah\" rel=\"noopener\">de vins rouges de caract\u00e8re comme la Syrah<\/a>, le Cornalin et l&rsquo;Humagne Rouge, notre s\u00e9lection permet \u00e0 chacun de trouver le plaisir qui lui convient. Laissez-vous inspirer par la passion et l&rsquo;expertise de nos vignerons et apprenez-en plus sur la fabrication traditionnelle du vin en Valais.<\/p>\n\n<p>Venez nous rendre visite et vivez des moments de plaisir inoubliables. Nous nous r\u00e9jouissons de vous accueillir personnellement ! <\/p>\n\n<hr class=\"wp-block-separator has-alpha-channel-opacity is-style-wide\" style=\"margin-top:2.5rem;margin-bottom:1.5rem\"\/>\n\n<h3 class=\"wp-block-heading\" style=\"border-style:none;border-width:0px;border-radius:0px;padding-top:1rem;font-size:1.5rem\">D\u00e9tails de l&rsquo;\u00e9v\u00e9nement<\/h3>\n\n<h4 class=\"wp-block-heading has-text-color has-link-color wp-elements-b0f321af2818f7d06856522af8046bac\" style=\"color:#a2924f;font-size:1.13rem\">Site<\/h4>\n\n<figure class=\"wp-block-table is-style-stripes\"><table class=\"has-fixed-layout\"><thead><tr><th class=\"has-text-align-left\" data-align=\"left\">HALLE<\/th><th class=\"has-text-align-left\" data-align=\"left\">STAND<\/th><\/tr><\/thead><tbody><tr><td class=\"has-text-align-left\" data-align=\"left\">H050<\/td><td class=\"has-text-align-left\" data-align=\"left\">15<\/td><\/tr><\/tbody><\/table><\/figure>\n\n<h4 class=\"wp-block-heading has-text-color has-link-color wp-elements-cdf709d191a600a83b2023c4dbf43b6f\" style=\"color:#a2924f;padding-top:1rem;font-size:1.13rem\">Heures d&rsquo;ouverture <strong><em>(salon)<\/em><\/strong><\/h4>\n\n<figure class=\"wp-block-table is-style-stripes\"><table class=\"has-fixed-layout\"><thead><tr><th class=\"has-text-align-left\" data-align=\"left\">JOUR<\/th><th class=\"has-text-align-left\" data-align=\"left\">TEMPS<\/th><\/tr><\/thead><tbody><tr><td class=\"has-text-align-left\" data-align=\"left\">Du mercredi au samedi<\/td><td class=\"has-text-align-left\" data-align=\"left\">10:00-22:00 heures<\/td><\/tr><tr><td class=\"has-text-align-left\" data-align=\"left\">Dimanche<\/td><td class=\"has-text-align-left\" data-align=\"left\">10:00-17:00 heures<\/td><\/tr><\/tbody><\/table><\/figure>\n\n<hr class=\"wp-block-separator has-alpha-channel-opacity\"\/>\n\n<h4 class=\"wp-block-heading has-text-color has-link-color wp-elements-3f97ecd40d541289088d5d62ed4c06f4\" style=\"color:#a2924f;padding-top:1rem;font-size:1.13rem\">Heures d&rsquo;ouverture <strong><em>(Jardin de bi\u00e8re)<\/em><\/strong><\/h4>\n\n<figure class=\"wp-block-table is-style-stripes\"><table class=\"has-fixed-layout\"><thead><tr><th class=\"has-text-align-left\" data-align=\"left\">JOUR<\/th><th class=\"has-text-align-left\" data-align=\"left\">TEMPS<\/th><\/tr><\/thead><tbody><tr><td class=\"has-text-align-left\" data-align=\"left\">Mercredi<\/td><td class=\"has-text-align-left\" data-align=\"left\">10:00-23:30 heures<\/td><\/tr><tr><td class=\"has-text-align-left\" data-align=\"left\">Du jeudi au samedi<\/td><td class=\"has-text-align-left\" data-align=\"left\">10:00-02:00 heures<\/td><\/tr><\/tbody><\/table><\/figure>\n\n<hr class=\"wp-block-separator has-alpha-channel-opacity\"\/>\n\n<h4 class=\"wp-block-heading has-text-color has-link-color wp-elements-7d1ea48e83ef70851349acb8369707d4\" style=\"color:#a2924f;padding-top:1rem;font-size:1.13rem\">Prix d&rsquo;entr\u00e9e<\/h4>\n\n<figure class=\"wp-block-table is-style-stripes\"><table class=\"has-fixed-layout\"><thead><tr><th class=\"has-text-align-left\" data-align=\"left\">BILLETS<\/th><th class=\"has-text-align-left\" data-align=\"left\">PRIX<\/th><\/tr><\/thead><tbody><tr><td class=\"has-text-align-left\" data-align=\"left\">Adultes de 18 ans et plus<\/td><td class=\"has-text-align-left\" data-align=\"left\">CHF 15.00<\/td><\/tr><tr><td class=\"has-text-align-left\" data-align=\"left\">AVS \/ AI \/ \u00c9tudiants \/ Jeunes de plus de 16 ans<\/td><td class=\"has-text-align-left\" data-align=\"left\">CHF 9.00<\/td><\/tr><tr><td class=\"has-text-align-left\" data-align=\"left\">Entr\u00e9e en soir\u00e9e 1h avant la fermeture<\/td><td class=\"has-text-align-left\" data-align=\"left\">CHF 5.00<\/td><\/tr><tr><td class=\"has-text-align-left\" data-align=\"left\">Enfants jusqu&rsquo;\u00e0 15 ans<\/td><td class=\"has-text-align-left\" data-align=\"left\">Gratuit<\/td><\/tr><tr><td class=\"has-text-align-left\" data-align=\"left\">Carte d&rsquo;abonnement <em>(5 jours pour le prix de 3)<\/em><\/td><td class=\"has-text-align-left\" data-align=\"left\">CHF 45.00<\/td><\/tr><\/tbody><tfoot><tr><td class=\"has-text-align-left\" data-align=\"left\">TVA incluse, sous r\u00e9serve de modification des prix.<\/td><td class=\"has-text-align-left\" data-align=\"left\"><\/td><\/tr><\/tfoot><\/table><\/figure>\n\n<h4 class=\"wp-block-heading has-text-color has-link-color wp-elements-1882e49f2d5c233183d403cb6ad816af\" style=\"color:#a2924f;padding-top:1rem;font-size:1.13rem\">Arriv\u00e9e<\/h4>\n\n<p>Il est recommand\u00e9 aux visiteurs d&rsquo;utiliser les transports publics. Les places de parking autour d&rsquo;Espace Gruy\u00e8re sont limit\u00e9es. <br\/><strong>Destination :<\/strong> \u00ab\u00a0Bulle, Espace Gruy\u00e8re\u00a0\u00bb.<\/p>\n\n<p>Rentrez en toute s\u00e9curit\u00e9 avec les bus de nuit, d\u00e9part \u00e0 partir de 02h00 \u00e0 la gare routi\u00e8re de Bulle. Lignes N21-N22-N23-N24-N25 <\/p>\n\n<p>Montez \u00e0 bord du Go\u00fbts et Terroirs Nostalgie Express au d\u00e9part de Montreux en direction de Bulle et visitez le Salon Suisse des Go\u00fbts et Terroirs !<\/p>\n\n<p><\/p>\n","protected":false},"excerpt":{"rendered":"<p>FOIRE D&rsquo;AUTOMNE<br \/>Bulle, 02.12. au 06.12.2026 <\/p>\n","protected":false},"featured_media":19831,"parent":0,"template":"","ereignis-tags":[244],"class_list":["post-8525","veranstaltungen","type-veranstaltungen","status-publish","has-post-thumbnail","hentry","ereignis-tags-foires-et-salons"],"_links":{"self":[{"href":"https:\/\/www.mathier.com\/fr\/wp-json\/wp\/v2\/veranstaltungen\/8525","targetHints":{"allow":["GET"]}}],"collection":[{"href":"https:\/\/www.mathier.com\/fr\/wp-json\/wp\/v2\/veranstaltungen"}],"about":[{"href":"https:\/\/www.mathier.com\/fr\/wp-json\/wp\/v2\/types\/veranstaltungen"}],"wp:featuredmedia":[{"embeddable":true,"href":"https:\/\/www.mathier.com\/fr\/wp-json\/wp\/v2\/media\/19831"}],"wp:attachment":[{"href":"https:\/\/www.mathier.com\/fr\/wp-json\/wp\/v2\/media?parent=8525"}],"wp:term":[{"taxonomy":"ereignis-tags","embeddable":true,"href":"https:\/\/www.mathier.com\/fr\/wp-json\/wp\/v2\/ereignis-tags?post=8525"}],"curies":[{"name":"wp","href":"https:\/\/api.w.org\/{rel}","templated":true}]}}