{"id":8541,"date":"2024-08-12T16:40:18","date_gmt":"2024-08-12T14:40:18","guid":{"rendered":"https:\/\/www.mathier.com\/events\/offa-saint-gall-09-04-13-04-2025\/"},"modified":"2026-03-20T16:35:10","modified_gmt":"2026-03-20T15:35:10","slug":"offa","status":"publish","type":"veranstaltungen","link":"https:\/\/www.mathier.com\/fr\/events\/offa\/","title":{"rendered":"OFFA Saint-Gall"},"content":{"rendered":"\n<h2 class=\"wp-block-heading\" style=\"font-size:1.75rem\">D\u00e9gustation de grande classe &#8211; Vivez la tradition viticole valaisanne<\/h2>\n\n<p>Plongez dans le monde fascinant du vin valaisan ! Lors de la prochaine foire, nous vous invitons \u00e0 une d\u00e9gustation sp\u00e9ciale o\u00f9 vous pourrez go\u00fbter nos vins prim\u00e9s dans une atmosph\u00e8re d\u00e9tendue. <\/p>\n\n<p>Qu&rsquo;il s&rsquo;agisse de vins blancs frais comme la Petite Arvine, l&rsquo;Heida et l&rsquo;Amigne, d&rsquo;\u00e9l\u00e9gants vins ros\u00e9s ou de vins rouges de caract\u00e8re comme la Syrah, le Cornalin et l&rsquo;Humagne Rouge, notre s\u00e9lection permet \u00e0 chacun de trouver le plaisir qui lui convient. Laissez-vous inspirer par la passion et l&rsquo;expertise de nos vignerons et apprenez-en plus sur la fabrication traditionnelle du vin en Valais.<\/p>\n\n<p>Venez nous rendre visite et vivez des moments de plaisir inoubliables. Nous nous r\u00e9jouissons de vous accueillir personnellement ! <\/p>\n\n<hr class=\"wp-block-separator has-alpha-channel-opacity is-style-wide\" style=\"margin-top:2.5rem;margin-bottom:1.5rem\"\/>\n\n<h3 class=\"wp-block-heading\" style=\"border-style:none;border-width:0px;border-radius:0px;padding-top:1rem;font-size:1.5rem\">D\u00e9tails de l&rsquo;\u00e9v\u00e9nement<\/h3>\n\n<h4 class=\"wp-block-heading has-text-color has-link-color wp-elements-b0f321af2818f7d06856522af8046bac\" style=\"color:#a2924f;font-size:1.13rem\">Site<\/h4>\n\n<figure class=\"wp-block-table is-style-stripes\"><table class=\"has-fixed-layout\"><thead><tr><th class=\"has-text-align-left\" data-align=\"left\">HALLE<\/th><th class=\"has-text-align-left\" data-align=\"left\">STAND<\/th><\/tr><\/thead><tbody><tr><td class=\"has-text-align-left\" data-align=\"left\">4<\/td><td class=\"has-text-align-left\" data-align=\"left\">  4.0.13<\/td><\/tr><\/tbody><\/table><\/figure>\n\n<h4 class=\"wp-block-heading has-text-color has-link-color wp-elements-cdf709d191a600a83b2023c4dbf43b6f\" style=\"color:#a2924f;padding-top:1rem;font-size:1.13rem\">Heures d&rsquo;ouverture <strong><em>(salon)<\/em><\/strong><\/h4>\n\n<figure class=\"wp-block-table is-style-stripes\"><table class=\"has-fixed-layout\"><thead><tr><th class=\"has-text-align-left\" data-align=\"left\">JOUR<\/th><th class=\"has-text-align-left\" data-align=\"left\">TEMPS<\/th><\/tr><\/thead><tbody><tr><td class=\"has-text-align-left\" data-align=\"left\">Du mardi au samedi<\/td><td class=\"has-text-align-left\" data-align=\"left\">10:00-18:00 heures<\/td><\/tr><\/tbody><\/table><\/figure>\n\n<h4 class=\"wp-block-heading has-text-color has-link-color wp-elements-1f84214149b0a0264c39bb0c7e27fa09\" style=\"color:#a2924f;padding-top:1rem;font-size:1.13rem\">Heures d&rsquo;ouverture  <strong><em><strong>(halls de d\u00e9gustation 4 et 5<\/strong>)<\/em><\/strong><\/h4>\n\n<figure class=\"wp-block-table is-style-stripes\"><table class=\"has-fixed-layout\"><thead><tr><th class=\"has-text-align-left\" data-align=\"left\">JOUR<\/th><th class=\"has-text-align-left\" data-align=\"left\">TEMPS<\/th><\/tr><\/thead><tbody><tr><td class=\"has-text-align-left\" data-align=\"left\">Mardi<\/td><td class=\"has-text-align-left\" data-align=\"left\">16:00-21:00 heures<\/td><\/tr><tr><td class=\"has-text-align-left\" data-align=\"left\">Du mercredi au samedi<\/td><td class=\"has-text-align-left\" data-align=\"left\">11:00-21:00 heures<\/td><\/tr><tr><td class=\"has-text-align-left\" data-align=\"left\">Dimanche<\/td><td class=\"has-text-align-left\" data-align=\"left\">11:00-18:00 heures<\/td><\/tr><\/tbody><\/table><\/figure>\n\n<h4 class=\"wp-block-heading has-text-color has-link-color wp-elements-d1be1d111d5b2862e4588614a1f51540\" style=\"color:#a2924f;padding-top:1rem;font-size:1.13rem\">Heures d&rsquo;ouverture  <strong><em><strong>(Restaurant Moststube Hall 5<\/strong>)<\/em><\/strong><\/h4>\n\n<figure class=\"wp-block-table is-style-stripes\"><table class=\"has-fixed-layout\"><thead><tr><th class=\"has-text-align-left\" data-align=\"left\">JOUR<\/th><th class=\"has-text-align-left\" data-align=\"left\">TEMPS<\/th><\/tr><\/thead><tbody><tr><td class=\"has-text-align-left\" data-align=\"left\">Du mardi au samedi<\/td><td class=\"has-text-align-left\" data-align=\"left\">18:30-00:00 heures<\/td><\/tr><\/tbody><\/table><figcaption class=\"wp-element-caption\">Avec animation musicale<\/figcaption><\/figure>\n\n<h4 class=\"wp-block-heading has-text-color has-link-color wp-elements-63945d677b61ce43e0dca4259c8afc14\" style=\"color:#a2924f;padding-top:1rem;font-size:1.13rem\">Heures d&rsquo;ouverture  <strong><em>(<strong><strong>Fermeture du salon (y compris les halls de d\u00e9gustation 4 et 5)<\/strong><\/strong>)<\/em><\/strong><\/h4>\n\n<figure class=\"wp-block-table is-style-stripes\"><table class=\"has-fixed-layout\"><thead><tr><th class=\"has-text-align-left\" data-align=\"left\">JOUR<\/th><th class=\"has-text-align-left\" data-align=\"left\">TEMPS<\/th><\/tr><\/thead><tbody><tr><td class=\"has-text-align-left\" data-align=\"left\">Dimanche<\/td><td class=\"has-text-align-left\" data-align=\"left\">18:00 heures<\/td><\/tr><\/tbody><\/table><\/figure>\n\n<h4 class=\"wp-block-heading has-text-color has-link-color wp-elements-2be5e461c75b623d0669ba2e50d82ac6\" style=\"color:#a2924f;padding-top:1rem;font-size:1.13rem\">Prix d&rsquo;entr\u00e9e <em><strong>(carte journali\u00e8re)<\/strong><\/em><\/h4>\n\n<figure class=\"wp-block-table is-style-stripes\"><table class=\"has-fixed-layout\"><thead><tr><th class=\"has-text-align-left\" data-align=\"left\">BILLETS<\/th><th class=\"has-text-align-left\" data-align=\"left\">PRIX<\/th><\/tr><\/thead><tbody><tr><td class=\"has-text-align-left\" data-align=\"left\">Adultes<\/td><td class=\"has-text-align-left\" data-align=\"left\">CHF 16.00<\/td><\/tr><tr><td class=\"has-text-align-left\" data-align=\"left\">AVS \/ AI<br\/>\u00c9tudiants, apprentis<br\/>Jeunes de 6 \u00e0 15 ans<\/td><td class=\"has-text-align-left\" data-align=\"left\">CHF 15.00<\/td><\/tr><\/tbody><tfoot><tr><td class=\"has-text-align-left\" data-align=\"left\">TVA incluse, sous r\u00e9serve de modification des prix.<\/td><td class=\"has-text-align-left\" data-align=\"left\"><\/td><\/tr><\/tfoot><\/table><figcaption class=\"wp-element-caption\">Le billet donne droit \u00e0 l&rsquo;entr\u00e9e n&rsquo;importe quel jour du salon pendant l&rsquo;OFFA.<br\/>En ligne, les billets d&rsquo;entr\u00e9e b\u00e9n\u00e9ficient d&rsquo;une r\u00e9duction de 1.00 CHF.<\/figcaption><\/figure>\n\n<h4 class=\"wp-block-heading has-text-color has-link-color wp-elements-0f21e803b10e0fabca6a9ce228ebc65c\" style=\"color:#a2924f;padding-top:1rem;font-size:1.13rem\">Prix d&rsquo;entr\u00e9e <em><strong><strong>(billet de soir\u00e9e <\/strong><\/strong><\/em><strong>\u00e0 partir de 17h00<em>)<\/em><\/strong><\/h4>\n\n<figure class=\"wp-block-table is-style-stripes\"><table class=\"has-fixed-layout\"><thead><tr><th class=\"has-text-align-left\" data-align=\"left\">BILLETS<\/th><th class=\"has-text-align-left\" data-align=\"left\">PRIX<\/th><\/tr><\/thead><tbody><tr><td class=\"has-text-align-left\" data-align=\"left\">Adultes<\/td><td class=\"has-text-align-left\" data-align=\"left\">CHF 12.50<\/td><\/tr><tr><td class=\"has-text-align-left\" data-align=\"left\">AVS \/ AI<br\/>\u00c9tudiants, apprentis<br\/>Jeunes de 6 \u00e0 15 ans<\/td><td class=\"has-text-align-left\" data-align=\"left\">CHF 11.50<\/td><\/tr><\/tbody><tfoot><tr><td class=\"has-text-align-left\" data-align=\"left\">TVA incluse, sous r\u00e9serve de modification des prix.<\/td><td class=\"has-text-align-left\" data-align=\"left\"><\/td><\/tr><\/tfoot><\/table><figcaption class=\"wp-element-caption\">Le billet donne droit \u00e0 l&rsquo;entr\u00e9e n&rsquo;importe quel jour du salon pendant l&rsquo;OFFA.<br\/>En ligne, les billets d&rsquo;entr\u00e9e b\u00e9n\u00e9ficient d&rsquo;une r\u00e9duction de 1.00 CHF.<\/figcaption><\/figure>\n\n<h4 class=\"wp-block-heading has-text-color has-link-color wp-elements-7d1ea48e83ef70851349acb8369707d4\" style=\"color:#a2924f;padding-top:1rem;font-size:1.13rem\">Prix d&rsquo;entr\u00e9e<\/h4>\n\n<figure class=\"wp-block-table is-style-stripes\"><table class=\"has-fixed-layout\"><thead><tr><th class=\"has-text-align-left\" data-align=\"left\">BILLETS<\/th><th class=\"has-text-align-left\" data-align=\"left\">PRIX<\/th><\/tr><\/thead><tbody><tr><td class=\"has-text-align-left\" data-align=\"left\"><strong>*<\/strong> Carte journali\u00e8re familiale <br\/>1 \u00e0 2 adultes et <br\/>max. 4 jeunes, 6 \u00e0 15 ans <\/td><td class=\"has-text-align-left\" data-align=\"left\">CHF 38.00<\/td><\/tr><tr><td class=\"has-text-align-left\" data-align=\"left\"><strong>**<\/strong> Carte d&rsquo;abonnement adulte  <\/td><td class=\"has-text-align-left\" data-align=\"left\">CHF 39.00<\/td><\/tr><tr><td class=\"has-text-align-left\" data-align=\"left\"><strong>**<\/strong> Carte permanente AVS \/ AI<br\/>\u00c9tudiants, apprentis<br\/>Jeunes de 6 \u00e0 15 ans<\/td><td class=\"has-text-align-left\" data-align=\"left\">CHF 30.00<\/td><\/tr><\/tbody><tfoot><tr><td class=\"has-text-align-left\" data-align=\"left\">TVA incluse, sous r\u00e9serve de modification des prix.<\/td><td class=\"has-text-align-left\" data-align=\"left\"><\/td><\/tr><\/tfoot><\/table><figcaption class=\"wp-element-caption\">Le billet donne droit \u00e0 l&rsquo;entr\u00e9e n&rsquo;importe quel jour du salon pendant l&rsquo;OFFA.<br\/>En ligne, les billets d&rsquo;entr\u00e9e b\u00e9n\u00e9ficient d&rsquo;une r\u00e9duction de 1.00 CHF.<\/figcaption><\/figure>\n\n<p><strong>*<\/strong> disponible uniquement \u00e0 la caisse du salon<br\/>** disponible uniquement \u00e0 la caisse du salon et \u00e0 la billetterie<\/p>\n\n<h4 class=\"wp-block-heading has-text-color has-link-color wp-elements-121e6fd919f71f0fab18df2854e75c1f\" style=\"color:#a2924f;padding-top:1rem;font-size:1.13rem\">\u00c9changer des billets OFFA<\/h4>\n\n<p><strong>Instructions<\/strong><\/p>\n\n<p>Si vous avez des questions ou des difficult\u00e9s \u00e0 utiliser les bons, veuillez vous adresser \u00e0 : <br\/>besucher@olma-messen.ch<\/p>\n\n<p><\/p>\n","protected":false},"excerpt":{"rendered":"<p>FOIRE DE PRINTEMPS<br \/>St. Gallen, 15.04. au 19.04.2026 <\/p>\n","protected":false},"featured_media":14674,"parent":0,"template":"","ereignis-tags":[244],"class_list":["post-8541","veranstaltungen","type-veranstaltungen","status-publish","has-post-thumbnail","hentry","ereignis-tags-foires-et-salons"],"_links":{"self":[{"href":"https:\/\/www.mathier.com\/fr\/wp-json\/wp\/v2\/veranstaltungen\/8541","targetHints":{"allow":["GET"]}}],"collection":[{"href":"https:\/\/www.mathier.com\/fr\/wp-json\/wp\/v2\/veranstaltungen"}],"about":[{"href":"https:\/\/www.mathier.com\/fr\/wp-json\/wp\/v2\/types\/veranstaltungen"}],"wp:featuredmedia":[{"embeddable":true,"href":"https:\/\/www.mathier.com\/fr\/wp-json\/wp\/v2\/media\/14674"}],"wp:attachment":[{"href":"https:\/\/www.mathier.com\/fr\/wp-json\/wp\/v2\/media?parent=8541"}],"wp:term":[{"taxonomy":"ereignis-tags","embeddable":true,"href":"https:\/\/www.mathier.com\/fr\/wp-json\/wp\/v2\/ereignis-tags?post=8541"}],"curies":[{"name":"wp","href":"https:\/\/api.w.org\/{rel}","templated":true}]}}