{"id":8552,"date":"2024-07-24T13:49:10","date_gmt":"2024-07-24T11:49:10","guid":{"rendered":"https:\/\/www.mathier.com\/events\/oha-thun-29-08-07-09-2025\/"},"modified":"2026-03-23T10:23:15","modified_gmt":"2026-03-23T09:23:15","slug":"oha","status":"publish","type":"veranstaltungen","link":"https:\/\/www.mathier.com\/fr\/events\/oha\/","title":{"rendered":"OHA Thun"},"content":{"rendered":"\n<h2 class=\"wp-block-heading\" style=\"font-size:1.75rem\">D\u00e9gustation de grande classe &#8211; Vivez la tradition viticole valaisanne<\/h2>\n\n<p>Plongez dans le <a href=\"https:\/\/www.mathier.com\/fr\/\">monde vari\u00e9 du vin valaisan<\/a>! Lors de la prochaine foire, nous vous invitons \u00e0 une d\u00e9gustation sp\u00e9ciale qui vous permettra de go\u00fbter nos vins prim\u00e9s dans une atmosph\u00e8re d\u00e9tendue.<\/p>\n\n<p>Qu&rsquo;il s&rsquo;agisse de vins blancs frais comme la Petite Arvine, l&rsquo;Heida et l&rsquo;Amigne, d&rsquo;\u00e9l\u00e9gants vins ros\u00e9s ou <a href=\"https:\/\/www.mathier-shop.com\/fr\/types-de-vin\/rouge\/cornalin\" rel=\"noopener\">de vins rouges de caract\u00e8re comme le Cornalin<\/a>, la Syrah et l&rsquo;Humagne Rouge, notre s\u00e9lection permet \u00e0 chacun de trouver le plaisir qui lui convient. Laissez-vous inspirer par la passion et l&rsquo;expertise de nos vignerons et apprenez-en plus sur la fabrication traditionnelle du vin en Valais.<\/p>\n\n<p>Venez nous rendre visite et vivez des moments de plaisir inoubliables. Nous nous r\u00e9jouissons de vous accueillir personnellement ! <\/p>\n\n<hr class=\"wp-block-separator has-alpha-channel-opacity is-style-wide\" style=\"margin-top:2.5rem;margin-bottom:1.5rem\"\/>\n\n<h3 class=\"wp-block-heading\" style=\"border-style:none;border-width:0px;border-radius:0px;padding-top:1rem;font-size:1.5rem\">D\u00e9tails de l&rsquo;\u00e9v\u00e9nement<\/h3>\n\n<h4 class=\"wp-block-heading has-text-color has-link-color wp-elements-b0f321af2818f7d06856522af8046bac\" style=\"color:#a2924f;font-size:1.13rem\">Site<\/h4>\n\n<figure class=\"wp-block-table is-style-stripes\"><table class=\"has-fixed-layout\"><thead><tr><th class=\"has-text-align-left\" data-align=\"left\">HALLE<\/th><th class=\"has-text-align-left\" data-align=\"left\">STAND<\/th><\/tr><\/thead><tbody><tr><td class=\"has-text-align-left\" data-align=\"left\">6<\/td><td class=\"has-text-align-left\" data-align=\"left\">651  <\/td><\/tr><\/tbody><\/table><\/figure>\n\n<h4 class=\"wp-block-heading has-text-color has-link-color wp-elements-9801d27bb4578d78e0c65ab6cc4ed62f\" style=\"color:#a2924f;padding-top:1rem;font-size:1.13rem\">Heures d&rsquo;ouverture<\/h4>\n\n<figure class=\"wp-block-table is-style-stripes\"><table class=\"has-fixed-layout\"><thead><tr><th class=\"has-text-align-left\" data-align=\"left\">JOUR<\/th><th class=\"has-text-align-left\" data-align=\"left\">TEMPS<\/th><\/tr><\/thead><tbody><tr><td class=\"has-text-align-left\" data-align=\"left\">Du lundi au jeudi<\/td><td class=\"has-text-align-left\" data-align=\"left\">13:00-21:00 heures<\/td><\/tr><tr><td class=\"has-text-align-left\" data-align=\"left\">Vendredi et samedi<\/td><td class=\"has-text-align-left\" data-align=\"left\">13:00-22:00 heures<\/td><\/tr><tr><td class=\"has-text-align-left\" data-align=\"left\">Dimanche<\/td><td class=\"has-text-align-left\" data-align=\"left\">11:00-18:00 heures<\/td><\/tr><\/tbody><\/table><\/figure>\n\n<h4 class=\"wp-block-heading has-text-color has-link-color wp-elements-7d1ea48e83ef70851349acb8369707d4\" style=\"color:#a2924f;padding-top:1rem;font-size:1.13rem\">Prix d&rsquo;entr\u00e9e<\/h4>\n\n<figure class=\"wp-block-table is-style-stripes\"><table class=\"has-fixed-layout\"><thead><tr><th class=\"has-text-align-left\" data-align=\"left\">BILLETS<\/th><th class=\"has-text-align-left\" data-align=\"left\">PRIX<\/th><\/tr><\/thead><tbody><tr><td class=\"has-text-align-left\" data-align=\"left\">Adultes<\/td><td class=\"has-text-align-left\" data-align=\"left\">CHF 8.00<\/td><\/tr><tr><td class=\"has-text-align-left\" data-align=\"left\">Enfants (6 \u00e0 16 ans)<\/td><td class=\"has-text-align-left\" data-align=\"left\">CHF 2.00<\/td><\/tr><tr><td class=\"has-text-align-left\" data-align=\"left\">Billet collectif pour les \u00e9coles professionnelles \u00e0 partir de 10 personnes<\/td><td class=\"has-text-align-left\" data-align=\"left\">CHF 2.00<\/td><\/tr><tr><td class=\"has-text-align-left\" data-align=\"left\">Carte d&rsquo;abonnement<\/td><td class=\"has-text-align-left\" data-align=\"left\">CHF 25.00<\/td><\/tr><\/tbody><tfoot><tr><td class=\"has-text-align-left\" data-align=\"left\">TVA incluse, sous r\u00e9serve de modification des prix.<\/td><td class=\"has-text-align-left\" data-align=\"left\"><\/td><\/tr><\/tfoot><\/table><\/figure>\n\n<h4 class=\"wp-block-heading has-text-color has-link-color wp-elements-1882e49f2d5c233183d403cb6ad816af\" style=\"color:#a2924f;padding-top:1rem;font-size:1.13rem\">Arriv\u00e9e<\/h4>\n\n<ul class=\"wp-block-list\">\n<li><strong>Bus<\/strong><br\/>Prenez le bus ligne 6 depuis la gare de Thoune, arr\u00eat \u00ab\u00a0Reitweg\/Expo\u00a0\u00bb. La petite marche \u00e0 pied jusqu&rsquo;\u00e0 l&rsquo;entr\u00e9e principale permet de garder la forme et la sant\u00e9 et dure environ 5 minutes. <\/li>\n\n\n\n<li><strong>Voiture<\/strong><br\/>Veuillez utiliser le Park &amp; Ride OHA ou les parkings environnants. Des places de parking r\u00e9serv\u00e9es aux personnes handicap\u00e9es (nombre limit\u00e9) se trouvent dans la Kasernenstrasse, \u00e0 proximit\u00e9 imm\u00e9diate de l&rsquo;entr\u00e9e principale de l&rsquo;OHA. Depuis les sorties d&rsquo;autoroute Thun-S\u00fcd ou Thun-Nord, suivez la signalisation \u00ab\u00a0Thun-Expo\u00a0\u00bb.  <\/li>\n\n\n\n<li><strong>V\u00e9lo<\/strong><br\/>Il y a suffisamment de places de stationnement pour les visiteurs \u00e0 proximit\u00e9 de l&rsquo;entr\u00e9e principale de l&rsquo;OHA.<\/li>\n\n\n\n<li><strong>A pied<\/strong><br\/>Suivez la signalisation Thun-Expo ou votre instinct.<\/li>\n\n\n\n<li><strong>Taxis<\/strong><br\/>Des services de taxi sont \u00e0 votre disposition devant l&rsquo;entr\u00e9e principale du parc des expositions, sous r\u00e9serve de disponibilit\u00e9. Vous pouvez \u00e9galement contacter la soci\u00e9t\u00e9 de votre choix. <\/li>\n\n\n\n<li><strong>NEZ ROUGE<\/strong>\n<ul class=\"wp-block-list\">\n<li>Fatigu\u00e9 ou inapte \u00e0 conduire ? Pour votre s\u00e9curit\u00e9, NEZ ROUGE roule pour vous \u00e0 l&rsquo;OHA. \n<ul class=\"wp-block-list\">\n<li>Du lundi au jeudi 22h00-00h30<\/li>\n\n\n\n<li>Vendredi et samedi 22:00-03:00 heures<\/li>\n<\/ul>\n<\/li>\n\n\n\n<li>Sous r\u00e9serve d&rsquo;adaptation des horaires. www.nezrougebeo.ch, t\u00e9l.  0800 802 208<\/li>\n<\/ul>\n<\/li>\n<\/ul>\n\n<p><\/p>\n","protected":false},"excerpt":{"rendered":"<p>FOIRE D&rsquo;AUTOMNE<br \/>Thoune, du 28.08. au 06.09.2026 <\/p>\n","protected":false},"featured_media":19786,"parent":0,"template":"","ereignis-tags":[244],"class_list":["post-8552","veranstaltungen","type-veranstaltungen","status-publish","has-post-thumbnail","hentry","ereignis-tags-foires-et-salons"],"_links":{"self":[{"href":"https:\/\/www.mathier.com\/fr\/wp-json\/wp\/v2\/veranstaltungen\/8552","targetHints":{"allow":["GET"]}}],"collection":[{"href":"https:\/\/www.mathier.com\/fr\/wp-json\/wp\/v2\/veranstaltungen"}],"about":[{"href":"https:\/\/www.mathier.com\/fr\/wp-json\/wp\/v2\/types\/veranstaltungen"}],"wp:featuredmedia":[{"embeddable":true,"href":"https:\/\/www.mathier.com\/fr\/wp-json\/wp\/v2\/media\/19786"}],"wp:attachment":[{"href":"https:\/\/www.mathier.com\/fr\/wp-json\/wp\/v2\/media?parent=8552"}],"wp:term":[{"taxonomy":"ereignis-tags","embeddable":true,"href":"https:\/\/www.mathier.com\/fr\/wp-json\/wp\/v2\/ereignis-tags?post=8552"}],"curies":[{"name":"wp","href":"https:\/\/api.w.org\/{rel}","templated":true}]}}